{"id":197,"date":"2017-05-26T14:00:34","date_gmt":"2017-05-26T14:00:34","guid":{"rendered":"http:\/\/wordpress.cvjm-ratingen.de\/?page_id=197"},"modified":"2026-02-04T08:17:37","modified_gmt":"2026-02-04T08:17:37","slug":"bibelkreis","status":"publish","type":"page","link":"http:\/\/cvjm-ratingen.de\/?page_id=197","title":{"rendered":"Bibelkreis"},"content":{"rendered":"<h3><img loading=\"lazy\" decoding=\"async\" class=\"alignright wp-image-100\" src=\"http:\/\/wordpress.cvjm-ratingen.de\/wp-content\/uploads\/2017\/05\/B-Bibelkreis-145x300.jpg\" alt=\"\" width=\"250\" height=\"517\" srcset=\"http:\/\/cvjm-ratingen.de\/wp-content\/uploads\/2017\/05\/B-Bibelkreis-145x300.jpg 145w, http:\/\/cvjm-ratingen.de\/wp-content\/uploads\/2017\/05\/B-Bibelkreis-768x1588.jpg 768w, http:\/\/cvjm-ratingen.de\/wp-content\/uploads\/2017\/05\/B-Bibelkreis-495x1024.jpg 495w, http:\/\/cvjm-ratingen.de\/wp-content\/uploads\/2017\/05\/B-Bibelkreis.jpg 1255w\" sizes=\"auto, (max-width: 250px) 100vw, 250px\" \/><\/h3>\n<h2>Einladung zum Bibelgespr\u00e4chskreis<\/h2>\n<p style=\"font-weight: 400;\">Auch in diesem Jahr m\u00f6chten wir Sie &#8211; dich wieder zu unserem monatlichen Bibelgespr\u00e4chskreis &#8211; einladen. Gottes Wort tut gut, es gibt in den unterschiedlichen Alltagssituationen Kraft, Mut, Zuversicht und Orientierung. Zu unseren Bibelstunden haben wir wieder unterschiedliche Referenten gewinnen k\u00f6nnen. Sie werden mit uns nach einem Einf\u00fchrungsvortrag \u00fcber einen ausgew\u00e4hlten Bibeltext nachdenken und zu einem Meinungsaustausch anregen<\/p>\n<p style=\"font-weight: 400;\"><strong>Hier sind die n\u00e4chsten Termine, jeweils um 19:30 im CVJM Haus Gr\u00fctstrasse 11<\/strong><\/p>\n<p style=\"font-weight: 400;\"><strong>03.02.2026\u00a0\u00a0 Siegfried Pietzka &#8211; \u00a0<\/strong>Pr\u00e4dikant<strong> \u00a0<\/strong>ev. Kirche Ratingen<\/p>\n<p style=\"font-weight: 400;\"><strong>03.03.2026\u00a0\u00a0 Siegfried Pietzka &#8211; \u00a0<\/strong>Pr\u00e4dikant <strong>\u00a0<\/strong>ev. Kirche Ratingen<\/p>\n<p style=\"font-weight: 400;\"><strong>07.04.2026\u00a0\u00a0 Matthias Leithe \u2013 <\/strong>Pfarrer \u00a0ev. Kirche Ratingen<\/p>\n<p style=\"font-weight: 400;\"><strong>05.05.2026\u00a0\u00a0 Chris Muselmann \u2013 <\/strong>internationale Kirche D\u00fcsseldorf<\/p>\n<p style=\"font-weight: 400;\"><strong>02.06.2026<\/strong>\u00a0\u00a0 <strong>Gottfried Weck<\/strong> \u2013 CVJM Ratingen<\/p>\n<p>Es gr\u00fc\u00dft<br \/>\nGottfried Weck<\/p>\n<p>Tel. 02102 27529<\/p>\n<p>&nbsp;<\/p>\n","protected":false},"excerpt":{"rendered":"<p>Einladung zum Bibelgespr\u00e4chskreis Auch in diesem Jahr m\u00f6chten wir Sie &#8211; dich wieder zu unserem monatlichen Bibelgespr\u00e4chskreis &#8211; einladen. Gottes Wort tut gut, es gibt in den unterschiedlichen Alltagssituationen Kraft, Mut, Zuversicht und Orientierung. Zu unseren Bibelstunden haben wir wieder unterschiedliche Referenten gewinnen k\u00f6nnen. Sie werden mit uns nach einem Einf\u00fchrungsvortrag \u00fcber einen ausgew\u00e4hlten Bibeltext [&hellip;]<\/p>\n","protected":false},"author":1,"featured_media":0,"parent":0,"menu_order":0,"comment_status":"closed","ping_status":"closed","template":"","meta":{"footnotes":""},"class_list":["post-197","page","type-page","status-publish","hentry"],"_links":{"self":[{"href":"http:\/\/cvjm-ratingen.de\/index.php?rest_route=\/wp\/v2\/pages\/197","targetHints":{"allow":["GET"]}}],"collection":[{"href":"http:\/\/cvjm-ratingen.de\/index.php?rest_route=\/wp\/v2\/pages"}],"about":[{"href":"http:\/\/cvjm-ratingen.de\/index.php?rest_route=\/wp\/v2\/types\/page"}],"author":[{"embeddable":true,"href":"http:\/\/cvjm-ratingen.de\/index.php?rest_route=\/wp\/v2\/users\/1"}],"replies":[{"embeddable":true,"href":"http:\/\/cvjm-ratingen.de\/index.php?rest_route=%2Fwp%2Fv2%2Fcomments&post=197"}],"version-history":[{"count":38,"href":"http:\/\/cvjm-ratingen.de\/index.php?rest_route=\/wp\/v2\/pages\/197\/revisions"}],"predecessor-version":[{"id":936,"href":"http:\/\/cvjm-ratingen.de\/index.php?rest_route=\/wp\/v2\/pages\/197\/revisions\/936"}],"wp:attachment":[{"href":"http:\/\/cvjm-ratingen.de\/index.php?rest_route=%2Fwp%2Fv2%2Fmedia&parent=197"}],"curies":[{"name":"wp","href":"https:\/\/api.w.org\/{rel}","templated":true}]}}